{"id":609,"date":"2023-08-31T14:03:13","date_gmt":"2023-08-31T12:03:13","guid":{"rendered":"https:\/\/www.socabel.fr\/?post_type=product&#038;p=609"},"modified":"2026-01-05T10:21:11","modified_gmt":"2026-01-05T09:21:11","slug":"borne-collectivite-mini-street","status":"publish","type":"product","link":"https:\/\/www.socabel.fr\/index.php\/produit\/borne-collectivite-mini-street\/","title":{"rendered":"Borne collectivit\u00e9 -Mini Street"},"content":{"rendered":"<table class=\"ligne_entree\" style=\"height: 252px;\" width=\"970\">\n<tbody>\n<tr>\n<td align=\"left\">Dimension de la borne : H600mm \u00e0 800mm x D200mm Caract\u00e9ristiques \u00e9lectriques La borne peut \u00eatre \u00e9quip\u00e9 par : 4 PC (16 ou 32A), monophas\u00e9 ou par des prises t\u00e9trapolaires 16\/32A Chaque prise de courant est prot\u00e9g\u00e9e par un disjoncteur diff\u00e9rentiel 30mA Type AC Possibilit\u00e9 de moduler les types de prises (Mono\/T\u00e9tra) Prises de Courant CE (norme europ\u00e9enne) Cette borne peut \u00eatre \u00e9quip\u00e9e de prises \u00e9tanche USB 3.0 ou RJ 45 IP 65 Bornier d\\\\\\&rsquo;alimentation \u00e9lectrique t\u00e9trapolaire (ou mono) en 25 mm\u00b2 et 35 mm\u00b2 Caract\u00e9ristiques m\u00e9caniques Partie m\u00e9tallique de la borne r\u00e9alis\u00e9e en acier 4mm. 1 porte sur l\\&rsquo;avant permettent l\\&rsquo;acc\u00e8s aux : disjoncteurs diff\u00e9rentiel (volets \u00e9tanche sur les disjoncteurs), aux diff\u00e9rentes prises Fixation par 4 tiges fileter \u00e0 sceller sur bloc de b\u00e9ton, inaccessible de l\\&rsquo;ext\u00e9rieur. La porte est ferm\u00e9e par une serrure triangle Traitement\/Protection\/Peinture : Traitement de la borne par 2 couches de traitement \u00e9poxy + 2 couches de peinture polyur\u00e9thane. Couleur suivant RAL pr\u00e9cis\u00e9 par le client.<\/td>\n<\/tr>\n<\/tbody>\n<\/table>\n","protected":false},"excerpt":{"rendered":"<p>Dimension de la borne : H600mm \u00e0 800mm x D200mm Caract\u00e9ristiques \u00e9lectriques La borne peut \u00eatre \u00e9quip\u00e9 par : 4 PC (16 ou 32A), monophas\u00e9 ou par des prises t\u00e9trapolaires 16\/32A Chaque prise de courant est prot\u00e9g\u00e9e par un disjoncteur diff\u00e9rentiel 30mA Type AC Possibilit\u00e9 de moduler les types de prises (Mono\/T\u00e9tra) Prises de Courant [&hellip;]<\/p>\n","protected":false},"featured_media":615,"comment_status":"closed","ping_status":"closed","template":"","meta":{"ocean_post_layout":"right-sidebar","ocean_both_sidebars_style":"","ocean_both_sidebars_content_width":0,"ocean_both_sidebars_sidebars_width":0,"ocean_sidebar":"0","ocean_second_sidebar":"0","ocean_disable_margins":"enable","ocean_add_body_class":"","ocean_shortcode_before_top_bar":"","ocean_shortcode_after_top_bar":"","ocean_shortcode_before_header":"","ocean_shortcode_after_header":"","ocean_has_shortcode":"","ocean_shortcode_after_title":"","ocean_shortcode_before_footer_widgets":"","ocean_shortcode_after_footer_widgets":"","ocean_shortcode_before_footer_bottom":"","ocean_shortcode_after_footer_bottom":"","ocean_display_top_bar":"default","ocean_display_header":"default","ocean_header_style":"","ocean_center_header_left_menu":"0","ocean_custom_header_template":"0","ocean_custom_logo":0,"ocean_custom_retina_logo":0,"ocean_custom_logo_max_width":0,"ocean_custom_logo_tablet_max_width":0,"ocean_custom_logo_mobile_max_width":0,"ocean_custom_logo_max_height":0,"ocean_custom_logo_tablet_max_height":0,"ocean_custom_logo_mobile_max_height":0,"ocean_header_custom_menu":"0","ocean_menu_typo_font_family":"0","ocean_menu_typo_font_subset":"","ocean_menu_typo_font_size":0,"ocean_menu_typo_font_size_tablet":0,"ocean_menu_typo_font_size_mobile":0,"ocean_menu_typo_font_size_unit":"px","ocean_menu_typo_font_weight":"","ocean_menu_typo_font_weight_tablet":"","ocean_menu_typo_font_weight_mobile":"","ocean_menu_typo_transform":"","ocean_menu_typo_transform_tablet":"","ocean_menu_typo_transform_mobile":"","ocean_menu_typo_line_height":0,"ocean_menu_typo_line_height_tablet":0,"ocean_menu_typo_line_height_mobile":0,"ocean_menu_typo_line_height_unit":"","ocean_menu_typo_spacing":0,"ocean_menu_typo_spacing_tablet":0,"ocean_menu_typo_spacing_mobile":0,"ocean_menu_typo_spacing_unit":"","ocean_menu_link_color":"","ocean_menu_link_color_hover":"","ocean_menu_link_color_active":"","ocean_menu_link_background":"","ocean_menu_link_hover_background":"","ocean_menu_link_active_background":"","ocean_menu_social_links_bg":"","ocean_menu_social_hover_links_bg":"","ocean_menu_social_links_color":"","ocean_menu_social_hover_links_color":"","ocean_disable_title":"default","ocean_disable_heading":"default","ocean_post_title":"","ocean_post_subheading":"","ocean_post_title_style":"","ocean_post_title_background_color":"","ocean_post_title_background":0,"ocean_post_title_bg_image_position":"","ocean_post_title_bg_image_attachment":"","ocean_post_title_bg_image_repeat":"","ocean_post_title_bg_image_size":"","ocean_post_title_height":0,"ocean_post_title_bg_overlay":0.5,"ocean_post_title_bg_overlay_color":"","ocean_disable_breadcrumbs":"default","ocean_breadcrumbs_color":"","ocean_breadcrumbs_separator_color":"","ocean_breadcrumbs_links_color":"","ocean_breadcrumbs_links_hover_color":"","ocean_display_footer_widgets":"default","ocean_display_footer_bottom":"default","ocean_custom_footer_template":"0"},"product_cat":[35],"product_tag":[],"class_list":{"0":"post-609","1":"product","2":"type-product","3":"status-publish","4":"has-post-thumbnail","5":"hentry","6":"product_cat-bornes-pour-collectivites-espace-public-marche","8":"entry","9":"has-media","10":"owp-thumbs-layout-horizontal","11":"owp-btn-normal","12":"owp-tabs-layout-horizontal","13":"has-product-nav"},"yoast_head":"<!-- This site is optimized with the Yoast SEO plugin v23.1 - https:\/\/yoast.com\/wordpress\/plugins\/seo\/ -->\n<title>Borne collectivit\u00e9 -Mini Street - Socabel conceptions \u00e9lectriques sur mesure<\/title>\n<meta name=\"description\" content=\"Borne \u00e9lectrique pour collectivit\u00e9, march\u00e9s, espace public, foire, monument.\" \/>\n<meta name=\"robots\" content=\"index, follow, max-snippet:-1, max-image-preview:large, max-video-preview:-1\" \/>\n<link rel=\"canonical\" href=\"https:\/\/www.socabel.fr\/index.php\/produit\/borne-collectivite-mini-street\/\" \/>\n<meta property=\"og:locale\" content=\"fr_FR\" \/>\n<meta property=\"og:type\" content=\"article\" \/>\n<meta property=\"og:title\" content=\"Borne collectivit\u00e9 -Mini Street - Socabel conceptions \u00e9lectriques sur mesure\" \/>\n<meta property=\"og:description\" content=\"Borne \u00e9lectrique pour collectivit\u00e9, march\u00e9s, espace public, foire, monument.\" \/>\n<meta property=\"og:url\" content=\"https:\/\/www.socabel.fr\/index.php\/produit\/borne-collectivite-mini-street\/\" \/>\n<meta property=\"og:site_name\" content=\"Socabel conceptions \u00e9lectriques sur mesure\" \/>\n<meta property=\"article:modified_time\" content=\"2026-01-05T09:21:11+00:00\" \/>\n<meta property=\"og:image\" content=\"https:\/\/www.socabel.fr\/wp-content\/uploads\/2023\/08\/MINI-STREET_01-768x1024.png\" \/>\n\t<meta property=\"og:image:width\" content=\"768\" \/>\n\t<meta property=\"og:image:height\" content=\"1024\" \/>\n\t<meta property=\"og:image:type\" content=\"image\/png\" \/>\n<meta name=\"twitter:card\" content=\"summary_large_image\" \/>\n<meta name=\"twitter:label1\" content=\"Dur\u00e9e de lecture estim\u00e9e\" \/>\n\t<meta name=\"twitter:data1\" content=\"1 minute\" \/>\n<script type=\"application\/ld+json\" class=\"yoast-schema-graph\">{\"@context\":\"https:\/\/schema.org\",\"@graph\":[{\"@type\":\"WebPage\",\"@id\":\"https:\/\/www.socabel.fr\/index.php\/produit\/borne-collectivite-mini-street\/\",\"url\":\"https:\/\/www.socabel.fr\/index.php\/produit\/borne-collectivite-mini-street\/\",\"name\":\"Borne collectivit\u00e9 -Mini Street - Socabel conceptions \u00e9lectriques sur mesure\",\"isPartOf\":{\"@id\":\"https:\/\/www.socabel.fr\/#website\"},\"primaryImageOfPage\":{\"@id\":\"https:\/\/www.socabel.fr\/index.php\/produit\/borne-collectivite-mini-street\/#primaryimage\"},\"image\":{\"@id\":\"https:\/\/www.socabel.fr\/index.php\/produit\/borne-collectivite-mini-street\/#primaryimage\"},\"thumbnailUrl\":\"https:\/\/www.socabel.fr\/wp-content\/uploads\/2023\/08\/MINI-STREET_01.png\",\"datePublished\":\"2023-08-31T12:03:13+00:00\",\"dateModified\":\"2026-01-05T09:21:11+00:00\",\"description\":\"Borne \u00e9lectrique pour collectivit\u00e9, march\u00e9s, espace public, foire, monument.\",\"breadcrumb\":{\"@id\":\"https:\/\/www.socabel.fr\/index.php\/produit\/borne-collectivite-mini-street\/#breadcrumb\"},\"inLanguage\":\"fr-FR\",\"potentialAction\":[{\"@type\":\"ReadAction\",\"target\":[\"https:\/\/www.socabel.fr\/index.php\/produit\/borne-collectivite-mini-street\/\"]}]},{\"@type\":\"ImageObject\",\"inLanguage\":\"fr-FR\",\"@id\":\"https:\/\/www.socabel.fr\/index.php\/produit\/borne-collectivite-mini-street\/#primaryimage\",\"url\":\"https:\/\/www.socabel.fr\/wp-content\/uploads\/2023\/08\/MINI-STREET_01.png\",\"contentUrl\":\"https:\/\/www.socabel.fr\/wp-content\/uploads\/2023\/08\/MINI-STREET_01.png\",\"width\":2448,\"height\":3264},{\"@type\":\"BreadcrumbList\",\"@id\":\"https:\/\/www.socabel.fr\/index.php\/produit\/borne-collectivite-mini-street\/#breadcrumb\",\"itemListElement\":[{\"@type\":\"ListItem\",\"position\":1,\"name\":\"Accueil\",\"item\":\"https:\/\/www.socabel.fr\/\"},{\"@type\":\"ListItem\",\"position\":2,\"name\":\"Boutique\",\"item\":\"https:\/\/www.socabel.fr\/index.php\/boutique\/\"},{\"@type\":\"ListItem\",\"position\":3,\"name\":\"Borne collectivit\u00e9 -Mini Street\"}]},{\"@type\":\"WebSite\",\"@id\":\"https:\/\/www.socabel.fr\/#website\",\"url\":\"https:\/\/www.socabel.fr\/\",\"name\":\"Socabel conceptions \u00e9lectriques sur mesure\",\"description\":\"Notre savoir faire Fran\u00e7ais mis \u00e0 la disposition de nos clients qui peuvent personnaliser leurs demandes, sans impact sur les co\u00fbt et dans le respect absolu des d\u00e9lais de livraison annonc\u00e9.\",\"publisher\":{\"@id\":\"https:\/\/www.socabel.fr\/#organization\"},\"potentialAction\":[{\"@type\":\"SearchAction\",\"target\":{\"@type\":\"EntryPoint\",\"urlTemplate\":\"https:\/\/www.socabel.fr\/?s={search_term_string}\"},\"query-input\":\"required name=search_term_string\"}],\"inLanguage\":\"fr-FR\"},{\"@type\":\"Organization\",\"@id\":\"https:\/\/www.socabel.fr\/#organization\",\"name\":\"Socabel conceptions \u00e9lectriques sur mesure\",\"url\":\"https:\/\/www.socabel.fr\/\",\"logo\":{\"@type\":\"ImageObject\",\"inLanguage\":\"fr-FR\",\"@id\":\"https:\/\/www.socabel.fr\/#\/schema\/logo\/image\/\",\"url\":\"https:\/\/www.socabel.fr\/wp-content\/uploads\/2020\/02\/logo_200.png\",\"contentUrl\":\"https:\/\/www.socabel.fr\/wp-content\/uploads\/2020\/02\/logo_200.png\",\"width\":200,\"height\":50,\"caption\":\"Socabel conceptions \u00e9lectriques sur mesure\"},\"image\":{\"@id\":\"https:\/\/www.socabel.fr\/#\/schema\/logo\/image\/\"}}]}<\/script>\n<!-- \/ Yoast SEO plugin. -->","yoast_head_json":{"title":"Borne collectivit\u00e9 -Mini Street - Socabel conceptions \u00e9lectriques sur mesure","description":"Borne \u00e9lectrique pour collectivit\u00e9, march\u00e9s, espace public, foire, monument.","robots":{"index":"index","follow":"follow","max-snippet":"max-snippet:-1","max-image-preview":"max-image-preview:large","max-video-preview":"max-video-preview:-1"},"canonical":"https:\/\/www.socabel.fr\/index.php\/produit\/borne-collectivite-mini-street\/","og_locale":"fr_FR","og_type":"article","og_title":"Borne collectivit\u00e9 -Mini Street - Socabel conceptions \u00e9lectriques sur mesure","og_description":"Borne \u00e9lectrique pour collectivit\u00e9, march\u00e9s, espace public, foire, monument.","og_url":"https:\/\/www.socabel.fr\/index.php\/produit\/borne-collectivite-mini-street\/","og_site_name":"Socabel conceptions \u00e9lectriques sur mesure","article_modified_time":"2026-01-05T09:21:11+00:00","og_image":[{"width":768,"height":1024,"url":"https:\/\/www.socabel.fr\/wp-content\/uploads\/2023\/08\/MINI-STREET_01-768x1024.png","type":"image\/png"}],"twitter_card":"summary_large_image","twitter_misc":{"Dur\u00e9e de lecture estim\u00e9e":"1 minute"},"schema":{"@context":"https:\/\/schema.org","@graph":[{"@type":"WebPage","@id":"https:\/\/www.socabel.fr\/index.php\/produit\/borne-collectivite-mini-street\/","url":"https:\/\/www.socabel.fr\/index.php\/produit\/borne-collectivite-mini-street\/","name":"Borne collectivit\u00e9 -Mini Street - Socabel conceptions \u00e9lectriques sur mesure","isPartOf":{"@id":"https:\/\/www.socabel.fr\/#website"},"primaryImageOfPage":{"@id":"https:\/\/www.socabel.fr\/index.php\/produit\/borne-collectivite-mini-street\/#primaryimage"},"image":{"@id":"https:\/\/www.socabel.fr\/index.php\/produit\/borne-collectivite-mini-street\/#primaryimage"},"thumbnailUrl":"https:\/\/www.socabel.fr\/wp-content\/uploads\/2023\/08\/MINI-STREET_01.png","datePublished":"2023-08-31T12:03:13+00:00","dateModified":"2026-01-05T09:21:11+00:00","description":"Borne \u00e9lectrique pour collectivit\u00e9, march\u00e9s, espace public, foire, monument.","breadcrumb":{"@id":"https:\/\/www.socabel.fr\/index.php\/produit\/borne-collectivite-mini-street\/#breadcrumb"},"inLanguage":"fr-FR","potentialAction":[{"@type":"ReadAction","target":["https:\/\/www.socabel.fr\/index.php\/produit\/borne-collectivite-mini-street\/"]}]},{"@type":"ImageObject","inLanguage":"fr-FR","@id":"https:\/\/www.socabel.fr\/index.php\/produit\/borne-collectivite-mini-street\/#primaryimage","url":"https:\/\/www.socabel.fr\/wp-content\/uploads\/2023\/08\/MINI-STREET_01.png","contentUrl":"https:\/\/www.socabel.fr\/wp-content\/uploads\/2023\/08\/MINI-STREET_01.png","width":2448,"height":3264},{"@type":"BreadcrumbList","@id":"https:\/\/www.socabel.fr\/index.php\/produit\/borne-collectivite-mini-street\/#breadcrumb","itemListElement":[{"@type":"ListItem","position":1,"name":"Accueil","item":"https:\/\/www.socabel.fr\/"},{"@type":"ListItem","position":2,"name":"Boutique","item":"https:\/\/www.socabel.fr\/index.php\/boutique\/"},{"@type":"ListItem","position":3,"name":"Borne collectivit\u00e9 -Mini Street"}]},{"@type":"WebSite","@id":"https:\/\/www.socabel.fr\/#website","url":"https:\/\/www.socabel.fr\/","name":"Socabel conceptions \u00e9lectriques sur mesure","description":"Notre savoir faire Fran\u00e7ais mis \u00e0 la disposition de nos clients qui peuvent personnaliser leurs demandes, sans impact sur les co\u00fbt et dans le respect absolu des d\u00e9lais de livraison annonc\u00e9.","publisher":{"@id":"https:\/\/www.socabel.fr\/#organization"},"potentialAction":[{"@type":"SearchAction","target":{"@type":"EntryPoint","urlTemplate":"https:\/\/www.socabel.fr\/?s={search_term_string}"},"query-input":"required name=search_term_string"}],"inLanguage":"fr-FR"},{"@type":"Organization","@id":"https:\/\/www.socabel.fr\/#organization","name":"Socabel conceptions \u00e9lectriques sur mesure","url":"https:\/\/www.socabel.fr\/","logo":{"@type":"ImageObject","inLanguage":"fr-FR","@id":"https:\/\/www.socabel.fr\/#\/schema\/logo\/image\/","url":"https:\/\/www.socabel.fr\/wp-content\/uploads\/2020\/02\/logo_200.png","contentUrl":"https:\/\/www.socabel.fr\/wp-content\/uploads\/2020\/02\/logo_200.png","width":200,"height":50,"caption":"Socabel conceptions \u00e9lectriques sur mesure"},"image":{"@id":"https:\/\/www.socabel.fr\/#\/schema\/logo\/image\/"}}]}},"_links":{"self":[{"href":"https:\/\/www.socabel.fr\/index.php\/wp-json\/wp\/v2\/product\/609","targetHints":{"allow":["GET"]}}],"collection":[{"href":"https:\/\/www.socabel.fr\/index.php\/wp-json\/wp\/v2\/product"}],"about":[{"href":"https:\/\/www.socabel.fr\/index.php\/wp-json\/wp\/v2\/types\/product"}],"replies":[{"embeddable":true,"href":"https:\/\/www.socabel.fr\/index.php\/wp-json\/wp\/v2\/comments?post=609"}],"wp:featuredmedia":[{"embeddable":true,"href":"https:\/\/www.socabel.fr\/index.php\/wp-json\/wp\/v2\/media\/615"}],"wp:attachment":[{"href":"https:\/\/www.socabel.fr\/index.php\/wp-json\/wp\/v2\/media?parent=609"}],"wp:term":[{"taxonomy":"product_cat","embeddable":true,"href":"https:\/\/www.socabel.fr\/index.php\/wp-json\/wp\/v2\/product_cat?post=609"},{"taxonomy":"product_tag","embeddable":true,"href":"https:\/\/www.socabel.fr\/index.php\/wp-json\/wp\/v2\/product_tag?post=609"}],"curies":[{"name":"wp","href":"https:\/\/api.w.org\/{rel}","templated":true}]}}